{"id":1614,"date":"2019-08-23T16:22:54","date_gmt":"2019-08-23T16:22:54","guid":{"rendered":"http:\/\/portosdosacores.pt\/en\/port-authority\/regulamentos-e-legislacao\/"},"modified":"2019-11-28T10:30:54","modified_gmt":"2019-11-28T10:30:54","slug":"regulamentos-e-legislacao","status":"publish","type":"page","link":"https:\/\/portosdosacores.pt\/en\/port-authority\/regulamentos-e-legislacao\/","title":{"rendered":"Regulations and Legislation"},"content":{"rendered":"<section class=\"article-content clearfix\">\n<header class=\"article-header clearfix\">O\u00a0<a href=\"http:\/\/portosdosacores.pt\/wp-content\/uploads\/2019\/08\/DL235-79-25-julho.pdf\" target=\"_blank\" rel=\"noopener noreferrer\">Decreto-Lei n.\u00ba 235\/79, de 25 de julho<\/a>, transferiu para a Regi\u00e3o Aut\u00f3noma dos A\u00e7ores a condu\u00e7\u00e3o da pol\u00edtica de transportes mar\u00edtimos da regi\u00e3o.<\/header>\n<header>\u00a0<\/header>\n<header><\/header>\n<header><\/header>\n<section class=\"article-content clearfix\">Posteriormente, o\u00a0<a href=\"http:\/\/portosdosacores.pt\/wp-content\/uploads\/2019\/08\/DL326-79-24-agosto.pdf\" target=\"_blank\" rel=\"noopener noreferrer\">Decreto-Lei n.\u00ba 326\/79 de 24 de agosto<\/a>, transferiu a administra\u00e7\u00e3o dos portos do arquip\u00e9lago para a jurisdi\u00e7\u00e3o da Regi\u00e3o.<\/section>\n<section>\u00a0<\/section>\n<section><\/section>\n<section><\/section>\n<section class=\"article-content clearfix\">O\u00a0<a href=\"http:\/\/portosdosacores.pt\/wp-content\/uploads\/2019\/08\/DL273-2000-9-novembro.pdf\" target=\"_blank\" rel=\"noopener noreferrer\">Decreto-Lei n.\u00ba 273\/2000 de 9 de novembro<\/a>, aprova o Regulamento do Sistema Tarif\u00e1rio dos Portos do Continente, dando origem, na Regi\u00e3o, ao\u00a0<a href=\"http:\/\/portosdosacores.pt\/wp-content\/uploads\/2019\/08\/DLR14-2002-12-abril.pdf\" target=\"_blank\" rel=\"noopener noreferrer\">Decreto Legislativo Regional n.\u00ba 14\/2002\/A, de 12 de abril<\/a>, o qual define o Regulamento do Sistema Tarif\u00e1rio dos Portos da Regi\u00e3o Aut\u00f3noma dos A\u00e7ores.<\/section>\n<section>\u00a0<\/section>\n<section><\/section>\n<section><\/section>\n<section class=\"article-content clearfix\">Os regulamentos que visam regular as diferentes \u00e1reas de interven\u00e7\u00e3o da Portos dos A\u00e7ores, S.A., nomeadamente, a \u00e1rea portu\u00e1ria (nas suas vertentes terrestre e mar\u00edtima), dominial (espa\u00e7os, por licen\u00e7as e concess\u00f5es), n\u00e1utica de recreio (marinas) e piscinas, s\u00e3o:<\/section>\n<section><\/section>\n<section>\u00a0<\/section>\n<section><\/section>\n<section><\/section>\n<p><strong>Regulamentos de Explora\u00e7\u00e3o<\/strong><\/p>\n<ul>\n<li><strong>\u00c1rea Portu\u00e1ria:<\/strong>\n<ul>\n<li><a href=\"http:\/\/portosdosacores.pt\/wp-content\/uploads\/2019\/09\/RegulamentoExploracao.pdf\" target=\"_blank\" rel=\"noopener noreferrer\">Regulamento de Explora\u00e7\u00e3o<\/a><\/li>\n<\/ul>\n<\/li>\n<\/ul>\n<ul>\n<li><strong>\u00c1rea N\u00e1utica de Recreio:<\/strong>\n<ul>\n<li><a href=\"http:\/\/portosdosacores.pt\/wp-content\/uploads\/2019\/08\/DLR_n12-1993-A_5Agosto.pdf\" target=\"_blank\" rel=\"noopener noreferrer\">Regulamento de Explora\u00e7\u00e3o das Marinas da Regi\u00e3o Aut\u00f3noma dos A\u00e7ores<\/a>\n<ul>\n<li>Decreto Legislativo Regional n.\u00ba 12\/1993\/A de 5 de agosto<\/li>\n<li>Revogado pelo DLR n.\u00ba 14\/2002\/A de 12 de abril<\/li>\n<\/ul>\n<\/li>\n<\/ul>\n<ul>\n<li><a href=\"http:\/\/portosdosacores.pt\/wp-content\/uploads\/2019\/08\/DRR-n20-1996-A-22-abril.pdf\" target=\"_blank\" rel=\"noopener noreferrer\">Normas da utiliza\u00e7\u00e3o da marina de Ponta Delgada<\/a>\n<ul>\n<li>Decreto Regulamentar Regional n.\u00ba 20\/1996\/A de 22 de abril<\/li>\n<li>Revogado pelo DLR n.\u00ba 14\/2002\/A de 12 de abril<\/li>\n<\/ul>\n<\/li>\n<\/ul>\n<ul>\n<li><a href=\"http:\/\/portosdosacores.pt\/wp-content\/uploads\/2019\/08\/regulamento_exploracao_marinas_dos_acores.pdf\" target=\"_blank\" rel=\"noopener noreferrer\">Regulamento de Explora\u00e7\u00e3o e Utiliza\u00e7\u00e3o das Marinas dos A\u00e7ores<\/a><\/li>\n<\/ul>\n<\/li>\n<\/ul>\n<ul>\n<li><strong>\u00c1rea Dominial:<\/strong>\n<ul>\n<li><a href=\"http:\/\/portosdosacores.pt\/wp-content\/uploads\/2019\/08\/regulamento_parque_estacionamento_portas_mar.pdf\" target=\"_blank\" rel=\"noopener noreferrer\">Regulamento Espec\u00edfico de Explora\u00e7\u00e3o e Utiliza\u00e7\u00e3o do Parque de Estacionamento do Empreendimento Portas do Mar da Portos dos A\u00e7ores, S.A.<\/a>\n<ul>\n<li>Regulamento n.\u00ba 19\/2010, de 13 de outubro de 2010<\/li>\n<\/ul>\n<\/li>\n<\/ul>\n<ul>\n<li><a href=\"http:\/\/portosdosacores.pt\/wp-content\/uploads\/2019\/08\/regulamento_n4_2011_portas_do_mar.pdf\" target=\"_blank\" rel=\"noopener noreferrer\">Regulamento de Explora\u00e7\u00e3o e Utiliza\u00e7\u00e3o do Empreendimento \u201cPortas do Mar<\/a>\u201d\n<ul>\n<li>Regulamento n.\u00ba 4\/2011, de 7 de fevereiro de 2011<\/li>\n<\/ul>\n<\/li>\n<\/ul>\n<ul>\n<li><a href=\"http:\/\/portosdosacores.pt\/wp-content\/uploads\/2019\/08\/Regulamento_de_utilizacao_piscinas_sao_pedro_v02.pdf\" target=\"_blank\" rel=\"noopener noreferrer\">Regulamento de Utiliza\u00e7\u00e3o do Complexo de Piscinas de S\u00e3o Pedro<\/a>\n<ul>\n<li>Edi\u00e7\u00e3o 02 de junho de 2018<\/li>\n<\/ul>\n<\/li>\n<li><a href=\"http:\/\/portosdosacores.pt\/wp-content\/uploads\/2019\/08\/Plano_de_rececao_gestao_de_residuos_PA_V01.pdf\" target=\"_blank\" rel=\"noopener noreferrer\">Plano de Rece\u00e7\u00e3o e Gest\u00e3o de Res\u00edduos<\/a><\/li>\n<\/ul>\n<\/li>\n<\/ul>\n<p><strong>Regulamentos de Tarifas<\/strong><\/p>\n<ul>\n<li><a href=\"http:\/\/portosdosacores.pt\/wp-content\/uploads\/2019\/08\/Portaria_n38_2019.pdf\" target=\"_blank\" rel=\"noopener noreferrer\">Regulamento de Tarifas da Portos dos A\u00e7ores, S.A.<\/a>\n<ul>\n<li>Portaria n.\u00ba 38\/2019 de 30 de maio<\/li>\n<\/ul>\n<\/li>\n<\/ul>\n<ul>\n<li><a href=\"http:\/\/portosdosacores.pt\/wp-content\/uploads\/2019\/08\/Portaria_n39_2019.pdf\" target=\"_blank\" rel=\"noopener noreferrer\">Regulamento de Tarifas das Marinas e N\u00facleos de Recreio N\u00e1utico sob jurisdi\u00e7\u00e3o da Portos dos A\u00e7ores, S.A.<\/a>\n<ul>\n<li>Portaria n.\u00ba 39\/2019 de 30 de maio<\/li>\n<\/ul>\n<\/li>\n<\/ul>\n<ul>\n<li><a href=\"http:\/\/portosdosacores.pt\/wp-content\/uploads\/2019\/08\/Portaria_n40_2019.pdf\" target=\"_blank\" rel=\"noopener noreferrer\">Regulamento de Tarifas Espec\u00edficas da Portos dos A\u00e7ores, S.A.<\/a>\n<ul>\n<li>Portaria n.\u00ba 40\/2019 de 30 de maio<\/li>\n<\/ul>\n<\/li>\n<\/ul>\n<ul>\n<li><a href=\"http:\/\/portosdosacores.pt\/wp-content\/uploads\/2019\/08\/Tarifario_GestaoResiduos_PDL2019.pdf\" target=\"_blank\" rel=\"noopener noreferrer\">Tarif\u00e1rio de Gest\u00e3o de Res\u00edduos\u00a0\u2013 Porto de Ponta Delgada<\/a><\/li>\n<\/ul>\n<section><\/section>\n<section><\/section>\n<section><\/section>\n<section class=\"article-content clearfix\"><strong>Planos<\/strong><\/p>\n<ul>\n<li><strong>Porto de Ponta Delgada:<\/strong>\n<ul>\n<li><a href=\"http:\/\/portosdosacores.pt\/wp-content\/uploads\/2019\/10\/PSS_Porto_de_Ponta_Delgada.pdf\" target=\"_blank\" rel=\"noopener noreferrer\">Plano de Sa\u00fade e Seguran\u00e7a no Trabalho<\/a><\/li>\n<\/ul>\n<\/li>\n<\/ul>\n<ul>\n<li><strong>Porto de Praia da Vit\u00f3ria:<\/strong>\n<ul>\n<li><a href=\"http:\/\/portosdosacores.pt\/wp-content\/uploads\/2019\/10\/PSS_Porto_da-Praia_da_Vit%C3%B3ria.pdf\" target=\"_blank\" rel=\"noopener noreferrer\">Plano de Sa\u00fade e Seguran\u00e7a no Trabalho<\/a><\/li>\n<\/ul>\n<\/li>\n<\/ul>\n<\/section>\n<p><strong>N\u00facleos de Pesca:<\/strong><\/p>\n<ul>\n<li><a href=\"http:\/\/portosdosacores.pt\/wp-content\/uploads\/2019\/08\/ProtocoloNucleoPescaPRV-ResolucaoConselhoGoverno_n161_2016.pdf\" target=\"_blank\" rel=\"noopener noreferrer\">Protocolo para Administra\u00e7\u00e3o e Gest\u00e3o do N\u00facleo de Pesca do porto da Praia da Vit\u00f3ria<\/a>\u00a0(<a href=\"http:\/\/portosdosacores.pt\/wp-content\/uploads\/2019\/08\/Area1_NucleoPesca_PTPRV.pdf\" target=\"_blank\" rel=\"noopener noreferrer\">\u00c1rea 1<\/a>\u00a0e\u00a0<a href=\"http:\/\/portosdosacores.pt\/wp-content\/uploads\/2019\/08\/Area2_NucleoPesca_PTPRV.pdf\" target=\"_blank\" rel=\"noopener noreferrer\">\u00c1rea 2<\/a>)\n<ul>\n<li>Resolu\u00e7\u00e3o do Conselho de Governo n.\u00ba 161\/2016, de 23 de dezembro<\/li>\n<\/ul>\n<\/li>\n<\/ul>\n<p>&nbsp;<\/p>\n<p><strong>Regulamenta\u00e7\u00e3o e legisla\u00e7\u00e3o aplic\u00e1vel ao setor maritimo-portu\u00e1rio:<\/strong><\/p>\n<ul>\n<li><\/li>\n<li><strong>Editais (Capitanias)<\/strong>\n<ul>\n<li>Regulamento Geral das Capitanias:\u00a0<a href=\"http:\/\/portosdosacores.pt\/wp-content\/uploads\/2019\/08\/DL265-72-Consolidacao_116973897_29-08-2019.pdf\" target=\"_blank\" rel=\"noopener noreferrer\">Decreto-Lei n.\u00ba 265\/72, de 31 de julho<\/a><\/li>\n<li>Ponta Delgada:\n<ul>\n<li>Normas de Seguran\u00e7a:\u00a0<a href=\"http:\/\/portosdosacores.pt\/wp-content\/uploads\/2019\/08\/PDL-EDITAL_01_2008_PDL_Normas_final.pdf\" target=\"_blank\" rel=\"noopener noreferrer\">Edital n.\u00ba 1\/2008<\/a><\/li>\n<li>Navega\u00e7\u00e3o na \u00e1rea de jurisdi\u00e7\u00e3o:\u00a0<a href=\"http:\/\/portosdosacores.pt\/wp-content\/uploads\/2019\/08\/PDL-Edital_813_2017.pdf\" target=\"_blank\" rel=\"noopener noreferrer\">Edital n.\u00ba 813\/2017<\/a><\/li>\n<\/ul>\n<\/li>\n<li>Angra:\n<ul>\n<li>Normas para o espa\u00e7o mar\u00edtimo:\u00a0<a href=\"http:\/\/portosdosacores.pt\/wp-content\/uploads\/2019\/08\/AGH_Edital_419_2018.pdf\" target=\"_blank\" rel=\"noopener noreferrer\">Edital n.\u00ba 419\/2018<\/a><\/li>\n<\/ul>\n<\/li>\n<li>Praia da Vit\u00f3ria:\n<ul>\n<li>Normas para o espa\u00e7o mar\u00edtimo:\u00a0<a href=\"http:\/\/portosdosacores.pt\/wp-content\/uploads\/2019\/08\/PRV_Edital_327_2018.pdf\" target=\"_blank\" rel=\"noopener noreferrer\">Edital n.\u00ba 327\/2018<\/a><\/li>\n<\/ul>\n<\/li>\n<li>Flores:\n<ul>\n<li>Navega\u00e7\u00e3o na \u00e1rea de jurisdi\u00e7\u00e3o:\u00a0<a href=\"http:\/\/portosdosacores.pt\/wp-content\/uploads\/2019\/08\/FLO-Edital_554_2018.pdf\" target=\"_blank\" rel=\"noopener noreferrer\">Edital n.\u00ba 554\/2018<\/a><\/li>\n<li><a href=\"http:\/\/portosdosacores.pt\/wp-content\/uploads\/2019\/08\/FLO-Plano_de_salvamento.pdf\" target=\"_blank\" rel=\"noopener noreferrer\">Plano de Salvamento Mar\u00edtimo<\/a><\/li>\n<\/ul>\n<\/li>\n<li>Horta:\n<ul>\n<li>Navega\u00e7\u00e3o na \u00e1rea de jurisdi\u00e7\u00e3o:\u00a0<a href=\"http:\/\/portosdosacores.pt\/wp-content\/uploads\/2019\/08\/HOR-Edital_340_2018.pdf\" target=\"_blank\" rel=\"noopener noreferrer\">Edital n.\u00ba 340\/2018<\/a><\/li>\n<li><a href=\"http:\/\/portosdosacores.pt\/wp-content\/uploads\/2019\/08\/HOR-Plano_de_salvamento.pdf\" target=\"_blank\" rel=\"noopener noreferrer\">Plano de Salvamento Mar\u00edtimo<\/a><\/li>\n<\/ul>\n<\/li>\n<li>Vila do Porto:\n<ul>\n<li>Navega\u00e7\u00e3o na \u00e1rea de jurisdi\u00e7\u00e3o:\u00a0<a href=\"http:\/\/portosdosacores.pt\/wp-content\/uploads\/2019\/08\/VDP-Edital_420_2018.pdf\" target=\"_blank\" rel=\"noopener noreferrer\">Edital n.\u00ba 420\/2018<\/a><\/li>\n<li><a href=\"http:\/\/portosdosacores.pt\/wp-content\/uploads\/2019\/08\/VDP-Plano_de_salvamento.pdf\" target=\"_blank\" rel=\"noopener noreferrer\">Plano de Salvamento Mar\u00edtimo<\/a><\/li>\n<\/ul>\n<\/li>\n<\/ul>\n<\/li>\n<\/ul>\n<ul>\n<li><strong>Opera\u00e7\u00e3o Portu\u00e1ria:<\/strong>\n<ul>\n<li>Sistema portu\u00e1rio dos A\u00e7ores:\u00a0<a href=\"http:\/\/portosdosacores.pt\/wp-content\/uploads\/2019\/08\/DLR_n24_2011_22agosto.pdf\" target=\"_blank\" rel=\"noopener noreferrer\">Decreto Legislativo Regional N.\u00ba 24\/2011\/A de 22 de Agosto<\/a><\/li>\n<li>Regime da opera\u00e7\u00e3o portu\u00e1ria:\u00a0<a href=\"http:\/\/portosdosacores.pt\/wp-content\/uploads\/2019\/08\/DL_n298_1993_28agosto.pdf\" target=\"_blank\" rel=\"noopener noreferrer\">Decreto-Lei n.\u00ba 298\/93, de 28 de Agosto<\/a>\u00a0(<a href=\"http:\/\/portosdosacores.pt\/wp-content\/uploads\/2019\/08\/DL_n298_1993_28agosto_consolidada.pdf\" target=\"_blank\" rel=\"noopener noreferrer\">vers\u00e3o consolidada<\/a>)<\/li>\n<li>Aplica\u00e7\u00e3o do regime jur\u00eddico das opera\u00e7\u00f5es portu\u00e1rias \u00e0 RAA:\u00a0<a href=\"http:\/\/portosdosacores.pt\/wp-content\/uploads\/2019\/08\/DLR_n16-1994-A_18maio.pdf\" target=\"_blank\" rel=\"noopener noreferrer\">Decreto Legislativo Regional n.\u00ba 16\/94\/A de 18 de maio<\/a><\/li>\n<li>Altera\u00e7\u00e3o ao regime das opera\u00e7\u00f5es portu\u00e1rias na RAA:\u00a0<a href=\"http:\/\/portosdosacores.pt\/wp-content\/uploads\/2019\/08\/DLR_n13_2018_9novembro.pdf\" target=\"_blank\" rel=\"noopener noreferrer\">Decreto Legislativo Regional n.\u00ba 13\/2018\/A, de 9 de novembro<\/a><\/li>\n<li>Bases gerais das concess\u00f5es do servi\u00e7o p\u00fablico de movimenta\u00e7\u00e3o de cargas em \u00e1reas portu\u00e1rias:\u00a0<a href=\"http:\/\/portosdosacores.pt\/wp-content\/uploads\/2019\/08\/DL_n324-94_30dezembro.pdf\" target=\"_blank\" rel=\"noopener noreferrer\">Decreto-Lei n.\u00ba 324\/94, de 30 de dezembro<\/a><\/li>\n<li>Sistema comunit\u00e1rio de acompanhamento e de informa\u00e7\u00e3o do tr\u00e1fego de navios:\u00a0<a href=\"http:\/\/portosdosacores.pt\/wp-content\/uploads\/2019\/11\/DL_180_2004_27julho.pdf\">Decreto-Lei n.\u00ba 180\/2004 de 27 de julho<\/a><\/li>\n<li>Regime de passagem de pessoas nas fronteiras:\u00a0<a href=\"http:\/\/portosdosacores.pt\/wp-content\/uploads\/2019\/11\/RegUE_2016_399_9marco.pdf\">Regulamento (UE) 2016\/399 do Parlamento Europeu e do Conselho, de 9 de mar\u00e7o de 2016<\/a><\/li>\n<li>Autoriza\u00e7\u00e3o e funcionamento dos Armaz\u00e9ns de Dep\u00f3sito Tempor\u00e1rio (ADT):\u00a0<a href=\"http:\/\/portosdosacores.pt\/wp-content\/uploads\/2019\/11\/DL_311_2009_26outubro.pdf\">Decreto-Lei n.\u00ba 311\/2009 de 26 de outubro<\/a><\/li>\n<li>C\u00f3digo Aduaneiro da Uni\u00e3o:\u00a0<a href=\"http:\/\/portosdosacores.pt\/wp-content\/uploads\/2019\/11\/RegUE952_2013_9out.pdf\">Regulamento (UE) n.\u00ba 952\/2013 do Parlamento Europeu e do Conselho de 9 de outubro de 2013<\/a><\/li>\n<li>Janela \u00danica Log\u00edstica:\u00a0<a href=\"http:\/\/portosdosacores.pt\/wp-content\/uploads\/2019\/11\/DL_158_2019_22outubro.pdf\">Decreto-Lei n.\u00ba 158\/2019 de 22 de outubro<\/a><\/li>\n<\/ul>\n<\/li>\n<\/ul>\n<ul>\n<li><strong>Agentes de Navega\u00e7\u00e3o:<\/strong>\n<ul>\n<li>Acesso \u00e0 atividade:\u00a0<a href=\"http:\/\/portosdosacores.pt\/wp-content\/uploads\/2019\/08\/DL_264_2012_20dezembro.pdf\" target=\"_blank\" rel=\"noopener noreferrer\">Decreto-Lei n.\u00ba 264\/2012, de 20 de dezembro<\/a><\/li>\n<\/ul>\n<\/li>\n<\/ul>\n<ul>\n<li><strong>Armador de Tr\u00e1fego Local:<\/strong>\n<ul>\n<li>Atividade dos transportes com embarca\u00e7\u00f5es de tr\u00e1fego local:\u00a0<a href=\"http:\/\/portosdosacores.pt\/wp-content\/uploads\/2019\/08\/DL_197_98_10julho.pdf\" target=\"_blank\" rel=\"noopener noreferrer\">Decreto-Lei n.\u00ba 197\/98, de 10 de julho<\/a><\/li>\n<\/ul>\n<\/li>\n<\/ul>\n<ul>\n<li><strong>Pilotagem<\/strong>\n<ul>\n<li>Regulamento Geral de Servi\u00e7o de Pilotagem:\u00a0<a href=\"http:\/\/portosdosacores.pt\/wp-content\/uploads\/2019\/08\/DL48_2002_2marco.pdf\" target=\"_blank\" rel=\"noopener noreferrer\">Decreto-Lei n.\u00ba 48\/2002, de 2 de mar\u00e7o<\/a><\/li>\n<li>\u00c1reas de pilotagem na RAA:\u00a0<a href=\"http:\/\/portosdosacores.pt\/wp-content\/uploads\/2019\/08\/DRR_n24_2002_A_30agosto.pdf\" target=\"_blank\" rel=\"noopener noreferrer\">Decreto Regulamentar Regional N\u00ba 24\/2002\/A de 30 de agosto<\/a><\/li>\n<\/ul>\n<\/li>\n<\/ul>\n<ul>\n<li><strong>Armador de Com\u00e9rcio Mar\u00edtimo:<\/strong>\n<ul>\n<li>Atividade dos transportes mar\u00edtimos:\u00a0<a href=\"http:\/\/portosdosacores.pt\/wp-content\/uploads\/2019\/08\/DL_196_98.pdf\" target=\"_blank\" rel=\"noopener noreferrer\">Decreto-Lei n.\u00ba 196\/98, de 10 de julho<\/a><\/li>\n<\/ul>\n<\/li>\n<\/ul>\n<ul>\n<li><strong>Pesagem de contentores:<\/strong>\n<ul>\n<li>Ver s\u00edtio web do\u00a0<a href=\"http:\/\/www.imt-ip.pt\/sites\/IMTT\/Portugues\/TransporteMaritimo\/Conven%c3%a7%c3%a3o%20SOLAS%20-%20OMI\/Paginas\/Conven%c3%a7%c3%a3o_SOLAS_OMI.aspx\" target=\"_blank\" rel=\"noopener noreferrer\">IMTT<\/a>.<\/li>\n<\/ul>\n<\/li>\n<\/ul>\n<ul>\n<li><strong>Empresas de Trabalho Portu\u00e1rio:<\/strong>\n<ul>\n<li>Ver s\u00edtio web do\u00a0<a href=\"http:\/\/www.imt-ip.pt\/sites\/IMTT\/Portugues\/TransporteMaritimo\/Empresas-Trabalho-Portu%C3%A1rio\/Empresas%20deTrabalhoPortuario\/Paginas\/EmpresasdeTrabalhoPortuario.aspx\" target=\"_blank\" rel=\"noopener noreferrer\">IMTT<\/a>.<\/li>\n<\/ul>\n<\/li>\n<\/ul>\n<ul>\n<li><strong>N\u00e1utica de Recreio<\/strong>\n<ul>\n<li>Classifica\u00e7\u00e3o das embarca\u00e7\u00f5es de recreio:\u00a0<a href=\"http:\/\/portosdosacores.pt\/wp-content\/uploads\/2019\/08\/Portaria_1491-2002.pdf\" target=\"_blank\" rel=\"noopener noreferrer\">Portaria n.\u00ba 1491\/2002, de 5 de dezembro<\/a><\/li>\n<li>Regime jur\u00eddico aplic\u00e1vel \u00e0 n\u00e1utica de recreio:\u00a0<a href=\"http:\/\/portosdosacores.pt\/wp-content\/uploads\/2019\/08\/DL93-2018-13novembro.pdf\">Decreto-Lei n.\u00ba 93\/2018, de 13 novembro<\/a><\/li>\n<\/ul>\n<\/li>\n<\/ul>\n<ul>\n<li><strong>Atividade Maritimo-Tur\u00edstica<\/strong>\n<ul>\n<li>Regulamento da Actividade Mar\u00edtimo-Tur\u00edstica dos A\u00e7ores:\u00a0<a href=\"http:\/\/portosdosacores.pt\/wp-content\/uploads\/2019\/08\/DLRegional_n23-2007-A.pdf\" target=\"_blank\" rel=\"noopener noreferrer\">Decreto Legislativo Regional n.\u00ba 23\/2007\/A de 23 de outubro de 2007<\/a><\/li>\n<\/ul>\n<\/li>\n<\/ul>\n<ul>\n<li><strong>Outros<\/strong>\n<ul>\n<li>Levantamento estat\u00edstico dos transportes mar\u00edtimos de mercadorias e de passageiros:\u00a0<a href=\"http:\/\/portosdosacores.pt\/wp-content\/uploads\/2019\/11\/Diretiva2009_42_CE_PEC_6maio.pdf\">Directiva 2009\/42\/CE do Parlamento Europeu e do Conselho de 6 de maio de 2009<\/a><\/li>\n<li>Formalidades de declara\u00e7\u00e3o exigidas aos navios \u00e0 chegada e\/ou \u00e0 partida dos portos:\u00a0<a href=\"http:\/\/portosdosacores.pt\/wp-content\/uploads\/2019\/11\/Diretiva2010_65_UE_20outubro.pdf\">Directiva 2010\/65\/UE do Parlamento Europeu e do Conselho, de 20 de outubro de 2010<\/a><\/li>\n<\/ul>\n<\/li>\n<\/ul>\n<\/section>\n","protected":false},"excerpt":{"rendered":"<p>O\u00a0Decreto-Lei n.\u00ba 235\/79, de 25 de julho, transferiu para a Regi\u00e3o Aut\u00f3noma dos A\u00e7ores a condu\u00e7\u00e3o da pol\u00edtica de transportes mar\u00edtimos da regi\u00e3o. \u00a0 Posteriormente, o\u00a0Decreto-Lei n.\u00ba 326\/79 de 24 de agosto, transferiu a administra\u00e7\u00e3o dos portos do arquip\u00e9lago para a jurisdi\u00e7\u00e3o da Regi\u00e3o. \u00a0 O\u00a0Decreto-Lei n.\u00ba 273\/2000 de 9 de novembro, aprova o Regulamento [&hellip;]<\/p>\n","protected":false},"author":2,"featured_media":0,"parent":18,"menu_order":0,"comment_status":"closed","ping_status":"closed","template":"page-servicos.php","meta":[],"_links":{"self":[{"href":"https:\/\/portosdosacores.pt\/en\/wp-json\/wp\/v2\/pages\/1614"}],"collection":[{"href":"https:\/\/portosdosacores.pt\/en\/wp-json\/wp\/v2\/pages"}],"about":[{"href":"https:\/\/portosdosacores.pt\/en\/wp-json\/wp\/v2\/types\/page"}],"author":[{"embeddable":true,"href":"https:\/\/portosdosacores.pt\/en\/wp-json\/wp\/v2\/users\/2"}],"replies":[{"embeddable":true,"href":"https:\/\/portosdosacores.pt\/en\/wp-json\/wp\/v2\/comments?post=1614"}],"version-history":[{"count":2,"href":"https:\/\/portosdosacores.pt\/en\/wp-json\/wp\/v2\/pages\/1614\/revisions"}],"predecessor-version":[{"id":2689,"href":"https:\/\/portosdosacores.pt\/en\/wp-json\/wp\/v2\/pages\/1614\/revisions\/2689"}],"up":[{"embeddable":true,"href":"https:\/\/portosdosacores.pt\/en\/wp-json\/wp\/v2\/pages\/18"}],"wp:attachment":[{"href":"https:\/\/portosdosacores.pt\/en\/wp-json\/wp\/v2\/media?parent=1614"}],"curies":[{"name":"wp","href":"https:\/\/api.w.org\/{rel}","templated":true}]}}