{"id":828,"date":"2019-05-21T15:19:28","date_gmt":"2019-05-21T15:19:28","guid":{"rendered":"http:\/\/portosdosacores.pt\/en\/recrutamento\/"},"modified":"2019-11-28T11:32:36","modified_gmt":"2019-11-28T11:32:36","slug":"recruitment","status":"publish","type":"page","link":"https:\/\/portosdosacores.pt\/en\/recruitment\/","title":{"rendered":"Recruitment"},"content":{"rendered":"<p>Na Portos dos A\u00e7ores, S.A. trabalham mais de 270 pessoas distribu\u00eddas pelas nove ilhas dos A\u00e7ores. Encontre aqui a informa\u00e7\u00e3o sobre as vagas de emprego dispon\u00edveis bem como a forma de enviar candidaturas espont\u00e2neas.<\/p>\n<p>Siga-nos ainda no <a href=\"https:\/\/www.linkedin.com\/company\/portos-dos-a-ores-s-a-\/\" target=\"_blank\" rel=\"noopener noreferrer\">LinkedIn<\/a> para saber mais sobre os recrutamentos em curso.<\/p>\n","protected":false},"excerpt":{"rendered":"<p>Na Portos dos A\u00e7ores, S.A. trabalham mais de 270 pessoas distribu\u00eddas pelas nove ilhas dos A\u00e7ores. Encontre aqui a informa\u00e7\u00e3o sobre as vagas de emprego dispon\u00edveis bem como a forma de enviar candidaturas espont\u00e2neas. Siga-nos ainda no LinkedIn para saber mais sobre os recrutamentos em curso.<\/p>\n","protected":false},"author":1,"featured_media":0,"parent":0,"menu_order":0,"comment_status":"closed","ping_status":"closed","template":"page-recrutamento.php","meta":[],"_links":{"self":[{"href":"https:\/\/portosdosacores.pt\/en\/wp-json\/wp\/v2\/pages\/828"}],"collection":[{"href":"https:\/\/portosdosacores.pt\/en\/wp-json\/wp\/v2\/pages"}],"about":[{"href":"https:\/\/portosdosacores.pt\/en\/wp-json\/wp\/v2\/types\/page"}],"author":[{"embeddable":true,"href":"https:\/\/portosdosacores.pt\/en\/wp-json\/wp\/v2\/users\/1"}],"replies":[{"embeddable":true,"href":"https:\/\/portosdosacores.pt\/en\/wp-json\/wp\/v2\/comments?post=828"}],"version-history":[{"count":2,"href":"https:\/\/portosdosacores.pt\/en\/wp-json\/wp\/v2\/pages\/828\/revisions"}],"predecessor-version":[{"id":2705,"href":"https:\/\/portosdosacores.pt\/en\/wp-json\/wp\/v2\/pages\/828\/revisions\/2705"}],"wp:attachment":[{"href":"https:\/\/portosdosacores.pt\/en\/wp-json\/wp\/v2\/media?parent=828"}],"curies":[{"name":"wp","href":"https:\/\/api.w.org\/{rel}","templated":true}]}}